{"id":2588,"date":"2018-01-16T11:33:49","date_gmt":"2018-01-16T10:33:49","guid":{"rendered":"https:\/\/www.gwg-guben.de\/?page_id=2588"},"modified":"2020-09-03T11:36:52","modified_gmt":"2020-09-03T09:36:52","slug":"wyszukiwanie-mieszkania","status":"publish","type":"page","link":"https:\/\/www.gwg-guben.de\/pl\/mieszkanie\/wyszukiwanie-mieszkania\/","title":{"rendered":"WYSZUKIWANIE MIESZKANIA"},"content":{"rendered":"<div id=\"pl-2588\"  class=\"panel-layout\" ><div id=\"pg-2588-0\"  class=\"panel-grid panel-has-style\" ><div class=\"panel-row-style panel-row-style-for-2588-0\" ><div id=\"pgc-2588-0-0\"  class=\"panel-grid-cell\" ><div id=\"panel-2588-0-0-0\" class=\"so-panel widget widget_sow-editor panel-first-child panel-last-child\" data-index=\"0\" ><div\n\t\t\t\n\t\t\tclass=\"so-widget-sow-editor so-widget-sow-editor-base\"\n\t\t\t\n\t\t>\n<div class=\"siteorigin-widget-tinymce textwidget\">\n\t<p><img loading=\"lazy\" decoding=\"async\" class=\"alignnone wp-image-1893 size-medium\" src=\"https:\/\/www.gwg-guben.de\/s-content\/uploads\/2017\/05\/Depositphotos_152488478_original_web-1-600x400.jpg\" alt=\"\" width=\"600\" height=\"400\" srcset=\"https:\/\/www.gwg-guben.de\/s-content\/uploads\/2017\/05\/Depositphotos_152488478_original_web-1-600x400.jpg 600w, https:\/\/www.gwg-guben.de\/s-content\/uploads\/2017\/05\/Depositphotos_152488478_original_web-1-768x512.jpg 768w, https:\/\/www.gwg-guben.de\/s-content\/uploads\/2017\/05\/Depositphotos_152488478_original_web-1.jpg 1200w, https:\/\/www.gwg-guben.de\/s-content\/uploads\/2017\/05\/Depositphotos_152488478_original_web-1-840x560.jpg 840w, https:\/\/www.gwg-guben.de\/s-content\/uploads\/2017\/05\/Depositphotos_152488478_original_web-1-540x360.jpg 540w\" sizes=\"auto, (max-width: 600px) 100vw, 600px\" \/><\/p><\/div>\n<\/div><\/div><\/div><div id=\"pgc-2588-0-1\"  class=\"panel-grid-cell\" ><div id=\"panel-2588-0-1-0\" class=\"so-panel widget widget_sow-editor panel-first-child\" data-index=\"1\" ><div class=\"panel-widget-style panel-widget-style-for-2588-0-1-0\" ><div\n\t\t\t\n\t\t\tclass=\"so-widget-sow-editor so-widget-sow-editor-base\"\n\t\t\t\n\t\t>\n<div class=\"siteorigin-widget-tinymce textwidget\">\n\t<h2>ZNAJD\u0179 WYGODNIE ODPOWIEDNIE MIESZKANIE<\/h2>\n<p>Czy wiedz\u0105 ju\u017c Pa\u0144stwo na jakiej ulicy chc\u0105 zamieszka\u0107, czy mo\u017ce narazie wystarczy Pa\u0144stwu w wyszukaniu informacja o ilo\u015bci pokoi? Z funkcj\u0105 wyszukiwania mog\u0105 Pa\u0144stwo wygodnie i szybko uzyska\u0107 dost\u0119p do wszystkich aktualnych ofert.<\/p>\n<\/div>\n<\/div><\/div><\/div><div id=\"panel-2588-0-1-1\" class=\"so-panel widget widget_sow-editor panel-last-child\" data-index=\"2\" ><div class=\"grayColorRow panel-widget-style panel-widget-style-for-2588-0-1-1\" ><div\n\t\t\t\n\t\t\tclass=\"so-widget-sow-editor so-widget-sow-editor-base\"\n\t\t\t\n\t\t>\n<div class=\"siteorigin-widget-tinymce textwidget\">\n\t<p><strong>Je\u015bli chcieliby Pa\u0144stwo wyznaczy\u0107 termin zwiedzania mieszkania, prosz\u0119 zwr\u00f3ci\u0107 si\u0119 do mi\u0142ego zespo\u0142u dzia\u0142u Gospodarki Mieszkaniowej, tel.: <\/strong><strong>03561 4387-24.<\/strong><\/p>\n<\/div>\n<\/div><\/div><\/div><\/div><\/div><\/div><div id=\"pg-2588-1\"  class=\"panel-grid panel-no-style\" ><div id=\"pgc-2588-1-0\"  class=\"panel-grid-cell\" ><div id=\"panel-2588-1-0-0\" class=\"so-panel widget widget_widget_immobilien widget_immobilien panel-first-child panel-last-child\" data-index=\"3\" ><div class=\"immobilienListWrap\"><div class=\"entryWrap\">\n<div id=\"post-9134\" class=\"immobilienSmall post-9134 immobilie type-immobilie status-publish hentry property-features-balkon property-features-dusche property-features-handtuchheizkoerper property-features-kellerraum property-features-personenaufzug property-features-wand-wc\">\n\t\t<div class=\"imageArea\">\n\t\t\t\t<a class=\"image\" href=\"https:\/\/www.gwg-guben.de\/pl\/immobilien\/wohnen-in-guben-23949\/\" rel=\"permalink\" data-image-preload=\"https:\/\/gwg-guben.ivm-professional.de\/_lib\/phpthumb\/phpThumb.php?src=\/_img\/flats\/tc74badc0-8048b46d.jpg&amp;w=500\">\n\t\t\t<div class=\"imageHolder\" style=\"background-image: url('https:\/\/gwg-guben.ivm-professional.de\/_lib\/phpthumb\/phpThumb.php?src=\/_img\/flats\/tc74badc0-8048b46d.jpg&amp;w=500');\"><\/div>\n\t\t<\/a>\n\t\t\t\t<div class=\"info\">\n\t\t\t\t\t\t\t<div class=\"price\">726,47 \u20ac<\/div>\n\t\t\t\t\t\t\n\t\t\t\t\t\t\t<span class=\"text\">66,17 m\u00b2<\/span>\n\t\t\t\t\t<\/div>\n\t<\/div>\n\t<div class=\"contentArea\">\n\t\t<h3><a href=\"https:\/\/www.gwg-guben.de\/pl\/immobilien\/wohnen-in-guben-23949\/\" rel=\"permalink\">Franz-Mehring-Stra\u00dfe 12<\/a><\/h3>\n\t\t<h2 class=\"subline\"><a href=\"https:\/\/www.gwg-guben.de\/pl\/immobilien\/wohnen-in-guben-23949\/\" rel=\"permalink\" title=\"4-Raum-Wohnung mit Aufzug BEWERBEN SIE SICH\">4-Raum-Wohnung mit Aufzug BEWERBEN SIE SICH<\/a><\/h2>\n\t\t\n\t\t<div class=\"metaLine\">\n\t\t\t\t\t\t\t\t\t\t\t<span class=\"roomCount\">4 pokoje<\/span>\t\t\t\t\t\t<span class=\"feature\">Balkon<\/span>\t\t<\/div>\n\t\t<a class=\"more\" href=\"https:\/\/www.gwg-guben.de\/pl\/immobilien\/wohnen-in-guben-23949\/\" rel=\"permalink\">wszystkie informacje <i class=\"fa fa-angle-right\" aria-hidden=\"true\"><\/i><\/a>\n\t<\/div>\n<\/div>\n<\/div><div class=\"entryWrap\">\n<div id=\"post-9133\" class=\"immobilienSmall post-9133 immobilie type-immobilie status-publish hentry property-features-aussenjalousie-n property-features-bad-mit-fenster property-features-badewanne property-features-balkon property-features-kellerraum\">\n\t\t<div class=\"imageArea\">\n\t\t\t\t<a class=\"image\" href=\"https:\/\/www.gwg-guben.de\/pl\/immobilien\/wohnen-in-guben-734\/\" rel=\"permalink\" data-image-preload=\"https:\/\/gwg-guben.ivm-professional.de\/_lib\/phpthumb\/phpThumb.php?src=\/_img\/flats\/39.jpg&amp;w=500\">\n\t\t\t<div class=\"imageHolder\" style=\"background-image: url('https:\/\/gwg-guben.ivm-professional.de\/_lib\/phpthumb\/phpThumb.php?src=\/_img\/flats\/39.jpg&amp;w=500');\"><\/div>\n\t\t<\/a>\n\t\t\t\t<div class=\"info\">\n\t\t\t\t\t\t\t<div class=\"price\">596,08 \u20ac<\/div>\n\t\t\t\t\t\t\n\t\t\t\t\t\t\t<span class=\"text\">58,60 m\u00b2<\/span>\n\t\t\t\t\t<\/div>\n\t<\/div>\n\t<div class=\"contentArea\">\n\t\t<h3><a href=\"https:\/\/www.gwg-guben.de\/pl\/immobilien\/wohnen-in-guben-734\/\" rel=\"permalink\">Sprucker Stra\u00dfe 65<\/a><\/h3>\n\t\t<h2 class=\"subline\"><a href=\"https:\/\/www.gwg-guben.de\/pl\/immobilien\/wohnen-in-guben-734\/\" rel=\"permalink\" title=\"2-Raum-Wohnung  BEWERBEN SIE SICH\">2-Raum-Wohnung  BEWERBEN SIE SICH<\/a><\/h2>\n\t\t\n\t\t<div class=\"metaLine\">\n\t\t\t\t\t\t\t\t\t\t\t<span class=\"roomCount\">2 pokoje<\/span>\t\t\t\t\t\t<span class=\"feature\">Au\u00dfenjalousie\/n<\/span>\t\t<\/div>\n\t\t<a class=\"more\" href=\"https:\/\/www.gwg-guben.de\/pl\/immobilien\/wohnen-in-guben-734\/\" rel=\"permalink\">wszystkie informacje <i class=\"fa fa-angle-right\" aria-hidden=\"true\"><\/i><\/a>\n\t<\/div>\n<\/div>\n<\/div><div class=\"entryWrap\">\n<div id=\"post-9116\" class=\"immobilienSmall post-9116 immobilie type-immobilie status-publish hentry property-features-balkon property-features-dusche property-features-kellerraum property-features-personenaufzug property-features-wand-wc\">\n\t\t<div class=\"imageArea\">\n\t\t\t\t<a class=\"image\" href=\"https:\/\/www.gwg-guben.de\/pl\/immobilien\/wohnen-in-guben-1615\/\" rel=\"permalink\" data-image-preload=\"https:\/\/gwg-guben.ivm-professional.de\/_lib\/phpthumb\/phpThumb.php?src=\/_img\/flats\/62-2.JPG&amp;w=500\">\n\t\t\t<div class=\"imageHolder\" style=\"background-image: url('https:\/\/gwg-guben.ivm-professional.de\/_lib\/phpthumb\/phpThumb.php?src=\/_img\/flats\/62-2.JPG&amp;w=500');\"><\/div>\n\t\t<\/a>\n\t\t\t\t<div class=\"info\">\n\t\t\t\t\t\t\t<div class=\"price\">612,04 \u20ac<\/div>\n\t\t\t\t\t\t\n\t\t\t\t\t\t\t<span class=\"text\">56,90 m\u00b2<\/span>\n\t\t\t\t\t<\/div>\n\t<\/div>\n\t<div class=\"contentArea\">\n\t\t<h3><a href=\"https:\/\/www.gwg-guben.de\/pl\/immobilien\/wohnen-in-guben-1615\/\" rel=\"permalink\">Franz-Mehring-Stra\u00dfe 12<\/a><\/h3>\n\t\t<h2 class=\"subline\"><a href=\"https:\/\/www.gwg-guben.de\/pl\/immobilien\/wohnen-in-guben-1615\/\" rel=\"permalink\" title=\"3-Raum-Wohnung mit Personenaufzug BEWERBEN SIE SICH\">3-Raum-Wohnung mit Personenaufzug BEWERBEN SIE SICH<\/a><\/h2>\n\t\t\n\t\t<div class=\"metaLine\">\n\t\t\t\t\t\t\t\t\t\t\t<span class=\"roomCount\">3 pokoje<\/span>\t\t\t\t\t\t<span class=\"feature\">Balkon<\/span>\t\t<\/div>\n\t\t<a class=\"more\" href=\"https:\/\/www.gwg-guben.de\/pl\/immobilien\/wohnen-in-guben-1615\/\" rel=\"permalink\">wszystkie informacje <i class=\"fa fa-angle-right\" aria-hidden=\"true\"><\/i><\/a>\n\t<\/div>\n<\/div>\n<\/div><div class=\"entryWrap\">\n<div id=\"post-9075\" class=\"immobilienSmall post-9075 immobilie type-immobilie status-publish hentry property-features-aussenjalousie-n property-features-bad-mit-fenster property-features-badewanne property-features-balkon property-features-kellerraum\">\n\t\t<div class=\"imageArea\">\n\t\t\t\t<a class=\"image\" href=\"https:\/\/www.gwg-guben.de\/pl\/immobilien\/wohnen-in-guben-1120\/\" rel=\"permalink\" data-image-preload=\"https:\/\/gwg-guben.ivm-professional.de\/_lib\/phpthumb\/phpThumb.php?src=\/_img\/flats\/tb3fedfff-1a2f2906.jpg&amp;w=500\">\n\t\t\t<div class=\"imageHolder\" style=\"background-image: url('https:\/\/gwg-guben.ivm-professional.de\/_lib\/phpthumb\/phpThumb.php?src=\/_img\/flats\/tb3fedfff-1a2f2906.jpg&amp;w=500');\"><\/div>\n\t\t<\/a>\n\t\t\t\t<div class=\"info\">\n\t\t\t\t\t\t\t<div class=\"price\">586,32 \u20ac<\/div>\n\t\t\t\t\t\t\n\t\t\t\t\t\t\t<span class=\"text\">60,25 m\u00b2<\/span>\n\t\t\t\t\t<\/div>\n\t<\/div>\n\t<div class=\"contentArea\">\n\t\t<h3><a href=\"https:\/\/www.gwg-guben.de\/pl\/immobilien\/wohnen-in-guben-1120\/\" rel=\"permalink\">Leonhard-Frank-Stra\u00dfe 41<\/a><\/h3>\n\t\t<h2 class=\"subline\"><a href=\"https:\/\/www.gwg-guben.de\/pl\/immobilien\/wohnen-in-guben-1120\/\" rel=\"permalink\" title=\"3-Raum-Wohnung  BEWERBEN SIE SICH\">3-Raum-Wohnung  BEWERBEN SIE SICH<\/a><\/h2>\n\t\t\n\t\t<div class=\"metaLine\">\n\t\t\t\t\t\t\t\t\t\t\t<span class=\"roomCount\">3 pokoje<\/span>\t\t\t\t\t\t<span class=\"feature\">Au\u00dfenjalousie\/n<\/span>\t\t<\/div>\n\t\t<a class=\"more\" href=\"https:\/\/www.gwg-guben.de\/pl\/immobilien\/wohnen-in-guben-1120\/\" rel=\"permalink\">wszystkie informacje <i class=\"fa fa-angle-right\" aria-hidden=\"true\"><\/i><\/a>\n\t<\/div>\n<\/div>\n<\/div><\/div><\/div><\/div><\/div><\/div>","protected":false},"excerpt":{"rendered":"<p>ZNAJD\u0179 WYGODNIE ODPOWIEDNIE MIESZKANIE Czy wiedz\u0105 ju\u017c Pa\u0144stwo na jakiej ulicy chc\u0105 zamieszka\u0107, czy mo\u017ce narazie wystarczy Pa\u0144stwu w wyszukaniu informacja o ilo\u015bci pokoi? Z &hellip;<\/p>\n","protected":false},"author":2,"featured_media":0,"parent":2571,"menu_order":30,"comment_status":"closed","ping_status":"closed","template":"page-propertysearch.php","meta":{"footnotes":""},"class_list":["post-2588","page","type-page","status-publish","hentry"],"_links":{"self":[{"href":"https:\/\/www.gwg-guben.de\/pl\/wp-json\/wp\/v2\/pages\/2588","targetHints":{"allow":["GET"]}}],"collection":[{"href":"https:\/\/www.gwg-guben.de\/pl\/wp-json\/wp\/v2\/pages"}],"about":[{"href":"https:\/\/www.gwg-guben.de\/pl\/wp-json\/wp\/v2\/types\/page"}],"author":[{"embeddable":true,"href":"https:\/\/www.gwg-guben.de\/pl\/wp-json\/wp\/v2\/users\/2"}],"replies":[{"embeddable":true,"href":"https:\/\/www.gwg-guben.de\/pl\/wp-json\/wp\/v2\/comments?post=2588"}],"version-history":[{"count":6,"href":"https:\/\/www.gwg-guben.de\/pl\/wp-json\/wp\/v2\/pages\/2588\/revisions"}],"predecessor-version":[{"id":5743,"href":"https:\/\/www.gwg-guben.de\/pl\/wp-json\/wp\/v2\/pages\/2588\/revisions\/5743"}],"up":[{"embeddable":true,"href":"https:\/\/www.gwg-guben.de\/pl\/wp-json\/wp\/v2\/pages\/2571"}],"wp:attachment":[{"href":"https:\/\/www.gwg-guben.de\/pl\/wp-json\/wp\/v2\/media?parent=2588"}],"curies":[{"name":"wp","href":"https:\/\/api.w.org\/{rel}","templated":true}]}}