{"id":2660,"date":"2018-01-16T13:45:25","date_gmt":"2018-01-16T12:45:25","guid":{"rendered":"https:\/\/www.gwg-guben.de\/?page_id=2660"},"modified":"2024-03-01T14:32:12","modified_gmt":"2024-03-01T13:32:12","slug":"przedsiebiorstwo","status":"publish","type":"page","link":"https:\/\/www.gwg-guben.de\/pl\/przedsiebiorstwo\/","title":{"rendered":"PRZEDSI\u0118BIORSTWO"},"content":{"rendered":"<div id=\"pl-2660\"  class=\"panel-layout\" ><div id=\"pg-2660-0\"  class=\"panel-grid panel-has-style\" ><div class=\"panel-row-style panel-row-style-for-2660-0\" ><div id=\"pgc-2660-0-0\"  class=\"panel-grid-cell\" ><div id=\"panel-2660-0-0-0\" class=\"so-panel widget widget_sow-editor panel-first-child panel-last-child\" data-index=\"0\" ><div\n\t\t\t\n\t\t\tclass=\"so-widget-sow-editor so-widget-sow-editor-base\"\n\t\t\t\n\t\t>\n<div class=\"siteorigin-widget-tinymce textwidget\">\n\t<p><img loading=\"lazy\" decoding=\"async\" class=\"alignnone wp-image-470 size-medium\" src=\"https:\/\/www.gwg-guben.de\/\/s-content\/uploads\/2017\/06\/GWG_120Jahre_09_2015_030_web-600x400.jpg\" alt=\"\" width=\"600\" height=\"400\" srcset=\"https:\/\/www.gwg-guben.de\/s-content\/uploads\/2017\/06\/GWG_120Jahre_09_2015_030_web-600x400.jpg 600w, https:\/\/www.gwg-guben.de\/s-content\/uploads\/2017\/06\/GWG_120Jahre_09_2015_030_web-768x512.jpg 768w, https:\/\/www.gwg-guben.de\/s-content\/uploads\/2017\/06\/GWG_120Jahre_09_2015_030_web-1200x800.jpg 1200w, https:\/\/www.gwg-guben.de\/s-content\/uploads\/2017\/06\/GWG_120Jahre_09_2015_030_web-840x560.jpg 840w, https:\/\/www.gwg-guben.de\/s-content\/uploads\/2017\/06\/GWG_120Jahre_09_2015_030_web-540x360.jpg 540w, https:\/\/www.gwg-guben.de\/s-content\/uploads\/2017\/06\/GWG_120Jahre_09_2015_030_web.jpg 1500w\" sizes=\"auto, (max-width: 600px) 100vw, 600px\" \/><\/p><\/div>\n<\/div><\/div><\/div><div id=\"pgc-2660-0-1\"  class=\"panel-grid-cell\" ><div id=\"panel-2660-0-1-0\" class=\"so-panel widget widget_sow-editor panel-first-child panel-last-child\" data-index=\"1\" ><div\n\t\t\t\n\t\t\tclass=\"so-widget-sow-editor so-widget-sow-editor-base\"\n\t\t\t\n\t\t>\n<div class=\"siteorigin-widget-tinymce textwidget\">\n\t<h2>LICZBY &amp; FAKTY<\/h2>\n<p>Nasza Sp\u00f3\u0142dzielnia dysponuje du\u017cym zasobem mieszka\u0144 i lokali handlowych. Zas\u00f3b ten znajduje si\u0119 bez wyj\u0105tku w obszarach kompleksu mieszkalnego I do kompleksu mieszkalnego IV, jak r\u00f3wnie\u017c na Starym Mie\u015bcie Wsch\u00f3d\/centrum.<\/p>\n<p><a class=\"btn btn-primary\" href=\"https:\/\/www.gwg-guben.de\/pl\/przedsiebiorstwo\/liczby-fakty\/\">DOWIEDZ SI\u0118 WI\u0118CEJ<\/a><\/p>\n<\/div>\n<\/div><\/div><\/div><\/div><\/div><div id=\"pg-2660-1\"  class=\"panel-grid panel-has-style\" ><div class=\"grayColorRow siteorigin-panels-stretch panel-row-style panel-row-style-for-2660-1\" data-stretch-type=\"full\" ><div id=\"pgc-2660-1-0\"  class=\"panel-grid-cell\" ><div id=\"panel-2660-1-0-0\" class=\"so-panel widget widget_sow-editor panel-first-child panel-last-child\" data-index=\"2\" ><div\n\t\t\t\n\t\t\tclass=\"so-widget-sow-editor so-widget-sow-editor-base\"\n\t\t\t\n\t\t>\n<div class=\"siteorigin-widget-tinymce textwidget\">\n\t<h2>HISTORIA<\/h2>\n<p>Pierwszi poprzednicy GWG eG za\u0142o\u017ceni zostali ju\u017c w roku 1895.\u00a0 R\u00f3wnolegle z post\u0119puj\u0105c\u0105 industrializacj\u0105 tworzy\u0142y si\u0119 w ca\u0142ych Niemczech ugrupowania w celu pozyskania odpowiednich pomieszcze\u0144 mieszkalnych w cenie przyst\u0119pnej dla dotychczas cz\u0119sto mniej uprzywilejowanych pracownik\u00f3w i jednocze\u015bnie ich ochrony przed aspo\u0142ecznymi najemcami.<\/p>\n<p><a class=\"btn btn-primary\" href=\"https:\/\/www.gwg-guben.de\/pl\/przedsiebiorstwo\/historia\/\">CZYTAJ DALEJ<\/a><\/p>\n<\/div>\n<\/div><\/div><\/div><div id=\"pgc-2660-1-1\"  class=\"panel-grid-cell\" ><div id=\"panel-2660-1-1-0\" class=\"so-panel widget widget_sow-editor panel-first-child panel-last-child\" data-index=\"3\" ><div\n\t\t\t\n\t\t\tclass=\"so-widget-sow-editor so-widget-sow-editor-base\"\n\t\t\t\n\t\t>\n<div class=\"siteorigin-widget-tinymce textwidget\">\n\t<p><img loading=\"lazy\" decoding=\"async\" class=\"alignnone wp-image-521 size-medium\" src=\"https:\/\/www.gwg-guben.de\/s-content\/uploads\/2017\/05\/DSC_6883_web-600x400.jpg\" alt=\"\" width=\"600\" height=\"400\" srcset=\"https:\/\/www.gwg-guben.de\/s-content\/uploads\/2017\/05\/DSC_6883_web-600x400.jpg 600w, https:\/\/www.gwg-guben.de\/s-content\/uploads\/2017\/05\/DSC_6883_web-768x512.jpg 768w, https:\/\/www.gwg-guben.de\/s-content\/uploads\/2017\/05\/DSC_6883_web-1200x800.jpg 1200w, https:\/\/www.gwg-guben.de\/s-content\/uploads\/2017\/05\/DSC_6883_web-840x560.jpg 840w, https:\/\/www.gwg-guben.de\/s-content\/uploads\/2017\/05\/DSC_6883_web-540x360.jpg 540w, https:\/\/www.gwg-guben.de\/s-content\/uploads\/2017\/05\/DSC_6883_web.jpg 1500w\" sizes=\"auto, (max-width: 600px) 100vw, 600px\" \/><\/p><\/div>\n<\/div><\/div><\/div><\/div><\/div><div id=\"pg-2660-2\"  class=\"panel-grid panel-has-style\" ><div class=\"panel-row-style panel-row-style-for-2660-2\" ><div id=\"pgc-2660-2-0\"  class=\"panel-grid-cell\" ><div id=\"panel-2660-2-0-0\" class=\"so-panel widget widget_sow-editor panel-first-child panel-last-child\" data-index=\"4\" ><div\n\t\t\t\n\t\t\tclass=\"so-widget-sow-editor so-widget-sow-editor-base\"\n\t\t\t\n\t\t>\n<div class=\"siteorigin-widget-tinymce textwidget\">\n\t<p><img loading=\"lazy\" decoding=\"async\" class=\"alignright wp-image-7667 size-medium\" src=\"https:\/\/www.gwg-guben.de\/s-content\/uploads\/2023\/07\/rh-foto-gwg-vertreterversammlung2023-04-e1689237319995-600x400.jpg\" alt=\"\" width=\"600\" height=\"400\" srcset=\"https:\/\/www.gwg-guben.de\/s-content\/uploads\/2023\/07\/rh-foto-gwg-vertreterversammlung2023-04-e1689237319995-600x400.jpg 600w, https:\/\/www.gwg-guben.de\/s-content\/uploads\/2023\/07\/rh-foto-gwg-vertreterversammlung2023-04-e1689237319995-768x512.jpg 768w, https:\/\/www.gwg-guben.de\/s-content\/uploads\/2023\/07\/rh-foto-gwg-vertreterversammlung2023-04-e1689237319995-840x560.jpg 840w, https:\/\/www.gwg-guben.de\/s-content\/uploads\/2023\/07\/rh-foto-gwg-vertreterversammlung2023-04-e1689237319995-540x360.jpg 540w, https:\/\/www.gwg-guben.de\/s-content\/uploads\/2023\/07\/rh-foto-gwg-vertreterversammlung2023-04-e1689237319995-272x182.jpg 272w, https:\/\/www.gwg-guben.de\/s-content\/uploads\/2023\/07\/rh-foto-gwg-vertreterversammlung2023-04-e1689237319995.jpg 1200w\" sizes=\"auto, (max-width: 600px) 100vw, 600px\" \/><\/p>\n<\/div>\n<\/div><\/div><\/div><div id=\"pgc-2660-2-1\"  class=\"panel-grid-cell\" ><div id=\"panel-2660-2-1-0\" class=\"so-panel widget widget_sow-editor panel-first-child panel-last-child\" data-index=\"5\" ><div\n\t\t\t\n\t\t\tclass=\"so-widget-sow-editor so-widget-sow-editor-base\"\n\t\t\t\n\t\t>\n<div class=\"siteorigin-widget-tinymce textwidget\">\n\t<h2>TEAM GWG<\/h2>\n<p>Nasz zesp\u00f3\u0142 jest stosunkowo niewielki. Z 18 pracownikami i kadrami kierowniczymi mo\u017cemy poruszy\u0107 ,,niebo i ziemi\u0119\u201d.<\/p>\n<p><a class=\"btn btn-primary\" href=\"https:\/\/www.gwg-guben.de\/pl\/przedsiebiorstwo\/team\/\">POZNAJ NAS<\/a><\/p>\n<\/div>\n<\/div><\/div><\/div><\/div><\/div><div id=\"pg-2660-3\"  class=\"panel-grid panel-has-style\" ><div class=\"grayColorRow siteorigin-panels-stretch panel-row-style panel-row-style-for-2660-3\" data-stretch-type=\"full\" ><div id=\"pgc-2660-3-0\"  class=\"panel-grid-cell\" ><div id=\"panel-2660-3-0-0\" class=\"so-panel widget widget_sow-editor panel-first-child panel-last-child\" data-index=\"6\" ><div\n\t\t\t\n\t\t\tclass=\"so-widget-sow-editor so-widget-sow-editor-base\"\n\t\t\t\n\t\t>\n<div class=\"siteorigin-widget-tinymce textwidget\">\n\t<h2>PA\u0143STWA KORZY\u015aCI<\/h2>\n<p>Je\u015bli znale\u017ali Pa\u0144stwo u nas odpowiednie mieszkanie, to nadszed\u0142 czas, aby pozna\u0107 tak\u017ce wyra\u017ane zalety Sp\u00f3\u0142dzielni. Do tego zalicza si\u0119 ponadprzeci\u0119tne utrzymanie obiekt\u00f3w mieszkalnych i wiele atrakacyjnych ofert dla cz\u0142onk\u00f3w.<\/p>\n<p><a class=\"btn btn-primary\" href=\"https:\/\/www.gwg-guben.de\/pl\/przedsiebiorstwo\/panstwa-korzysci\/\">POZNAJ KORZY\u015aCI<\/a><\/p>\n<\/div>\n<\/div><\/div><\/div><div id=\"pgc-2660-3-1\"  class=\"panel-grid-cell\" ><div id=\"panel-2660-3-1-0\" class=\"so-panel widget widget_sow-editor panel-first-child panel-last-child\" data-index=\"7\" ><div\n\t\t\t\n\t\t\tclass=\"so-widget-sow-editor so-widget-sow-editor-base\"\n\t\t\t\n\t\t>\n<div class=\"siteorigin-widget-tinymce textwidget\">\n\t<p><img loading=\"lazy\" decoding=\"async\" class=\"alignnone wp-image-1954 size-medium\" src=\"https:\/\/www.gwg-guben.de\/s-content\/uploads\/2017\/05\/DSC_6971_web-600x400.jpg\" alt=\"\" width=\"600\" height=\"400\" srcset=\"https:\/\/www.gwg-guben.de\/s-content\/uploads\/2017\/05\/DSC_6971_web-600x400.jpg 600w, https:\/\/www.gwg-guben.de\/s-content\/uploads\/2017\/05\/DSC_6971_web-768x512.jpg 768w, https:\/\/www.gwg-guben.de\/s-content\/uploads\/2017\/05\/DSC_6971_web.jpg 1200w, https:\/\/www.gwg-guben.de\/s-content\/uploads\/2017\/05\/DSC_6971_web-840x560.jpg 840w, https:\/\/www.gwg-guben.de\/s-content\/uploads\/2017\/05\/DSC_6971_web-540x360.jpg 540w\" sizes=\"auto, (max-width: 600px) 100vw, 600px\" \/><\/p>\n<\/div>\n<\/div><\/div><\/div><\/div><\/div><div id=\"pg-2660-4\"  class=\"panel-grid panel-has-style\" ><div class=\"panel-row-style panel-row-style-for-2660-4\" ><div id=\"pgc-2660-4-0\"  class=\"panel-grid-cell\" ><div id=\"panel-2660-4-0-0\" class=\"so-panel widget widget_sow-editor panel-first-child panel-last-child\" data-index=\"8\" ><div\n\t\t\t\n\t\t\tclass=\"so-widget-sow-editor so-widget-sow-editor-base\"\n\t\t\t\n\t\t>\n<div class=\"siteorigin-widget-tinymce textwidget\">\n\t<p><img loading=\"lazy\" decoding=\"async\" class=\"alignnone wp-image-527 size-medium\" src=\"https:\/\/www.gwg-guben.de\/s-content\/uploads\/2017\/05\/DSC_6924_web-600x400.jpg\" alt=\"\" width=\"600\" height=\"400\" srcset=\"https:\/\/www.gwg-guben.de\/s-content\/uploads\/2017\/05\/DSC_6924_web-600x400.jpg 600w, https:\/\/www.gwg-guben.de\/s-content\/uploads\/2017\/05\/DSC_6924_web-768x512.jpg 768w, https:\/\/www.gwg-guben.de\/s-content\/uploads\/2017\/05\/DSC_6924_web-1200x800.jpg 1200w, https:\/\/www.gwg-guben.de\/s-content\/uploads\/2017\/05\/DSC_6924_web-840x560.jpg 840w, https:\/\/www.gwg-guben.de\/s-content\/uploads\/2017\/05\/DSC_6924_web-540x360.jpg 540w, https:\/\/www.gwg-guben.de\/s-content\/uploads\/2017\/05\/DSC_6924_web.jpg 1500w\" sizes=\"auto, (max-width: 600px) 100vw, 600px\" \/><\/p><\/div>\n<\/div><\/div><\/div><div id=\"pgc-2660-4-1\"  class=\"panel-grid-cell\" ><div id=\"panel-2660-4-1-0\" class=\"so-panel widget widget_sow-editor panel-first-child panel-last-child\" data-index=\"9\" ><div\n\t\t\t\n\t\t\tclass=\"so-widget-sow-editor so-widget-sow-editor-base\"\n\t\t\t\n\t\t>\n<div class=\"siteorigin-widget-tinymce textwidget\">\n\t<h2>CZ\u0141ONKOSTWO<\/h2>\n<p>To jest ca\u0142kiem proste: Najpierw zostaj\u0105 Pa\u0144stwo cz\u0142onkiem Sp\u00f3\u0142dzielni. Nast\u0119pnie kupuj\u0105 Pa\u0144stwo odpowiedni\u0105 ilo\u015b\u0107 udzia\u0142\u00f3w, z kt\u00f3rymi nabywaj\u0105 Pa\u0144stwo prawo do wprowadzenia si\u0119 do wybranego mieszkania. To jest prawdopodobnie nawet korzystniejsze ni\u017c kaucja na mieszkanie, kt\u00f3r\u0105 musz\u0105 Pa\u0144stwo zap\u0142aci\u0107, gdy chc\u0105 Pa\u0144stwo wynaj\u0105\u0107 mieszkanie na wolnym rynku.<\/p>\n<p><a class=\"btn btn-primary\" href=\"https:\/\/www.gwg-guben.de\/pl\/przedsiebiorstwo\/czlonkowstwo\/\">DOWIEDZ SI\u0118 WI\u0118CEJ<\/a><\/p>\n<\/div>\n<\/div><\/div><\/div><\/div><\/div><div id=\"pg-2660-5\"  class=\"panel-grid panel-no-style\" ><div id=\"pgc-2660-5-0\"  class=\"panel-grid-cell\" ><div id=\"panel-2660-5-0-0\" class=\"so-panel widget widget_sow-editor panel-first-child panel-last-child\" data-index=\"10\" ><div\n\t\t\t\n\t\t\tclass=\"so-widget-sow-editor so-widget-sow-editor-base\"\n\t\t\t\n\t\t>\n<div class=\"siteorigin-widget-tinymce textwidget\">\n\t<hr>\n<p>&nbsp;<\/p>\n<\/div>\n<\/div><\/div><\/div><\/div><div id=\"pg-2660-6\"  class=\"panel-grid panel-has-style\" ><div class=\"panel-row-style panel-row-style-for-2660-6\" ><div id=\"pgc-2660-6-0\"  class=\"panel-grid-cell\" ><div id=\"panel-2660-6-0-0\" class=\"so-panel widget widget_sow-editor panel-first-child panel-last-child\" data-index=\"11\" ><div\n\t\t\t\n\t\t\tclass=\"so-widget-sow-editor so-widget-sow-editor-base\"\n\t\t\t\n\t\t>\n<div class=\"siteorigin-widget-tinymce textwidget\">\n\t<p><a href=\"https:\/\/www.gwg-guben.de\/pl\/mieszkanie-wohnen\/pytania-odpowiedzi\/\"><img loading=\"lazy\" decoding=\"async\" class=\"wp-image-2878 size-full aligncenter\" src=\"https:\/\/www.gwg-guben.de\/s-content\/uploads\/2018\/01\/spielen_pl.jpg\" alt=\"\" width=\"559\" height=\"287\" \/><\/a><\/p>\n<\/div>\n<\/div><\/div><\/div><\/div><\/div><\/div>","protected":false},"excerpt":{"rendered":"<p>LICZBY &amp; FAKTY Nasza Sp\u00f3\u0142dzielnia dysponuje du\u017cym zasobem mieszka\u0144 i lokali handlowych. Zas\u00f3b ten znajduje si\u0119 bez wyj\u0105tku w obszarach kompleksu mieszkalnego I do kompleksu &hellip;<\/p>\n","protected":false},"author":2,"featured_media":0,"parent":0,"menu_order":40,"comment_status":"closed","ping_status":"closed","template":"","meta":{"footnotes":""},"class_list":["post-2660","page","type-page","status-publish","hentry"],"_links":{"self":[{"href":"https:\/\/www.gwg-guben.de\/pl\/wp-json\/wp\/v2\/pages\/2660","targetHints":{"allow":["GET"]}}],"collection":[{"href":"https:\/\/www.gwg-guben.de\/pl\/wp-json\/wp\/v2\/pages"}],"about":[{"href":"https:\/\/www.gwg-guben.de\/pl\/wp-json\/wp\/v2\/types\/page"}],"author":[{"embeddable":true,"href":"https:\/\/www.gwg-guben.de\/pl\/wp-json\/wp\/v2\/users\/2"}],"replies":[{"embeddable":true,"href":"https:\/\/www.gwg-guben.de\/pl\/wp-json\/wp\/v2\/comments?post=2660"}],"version-history":[{"count":6,"href":"https:\/\/www.gwg-guben.de\/pl\/wp-json\/wp\/v2\/pages\/2660\/revisions"}],"predecessor-version":[{"id":7959,"href":"https:\/\/www.gwg-guben.de\/pl\/wp-json\/wp\/v2\/pages\/2660\/revisions\/7959"}],"wp:attachment":[{"href":"https:\/\/www.gwg-guben.de\/pl\/wp-json\/wp\/v2\/media?parent=2660"}],"curies":[{"name":"wp","href":"https:\/\/api.w.org\/{rel}","templated":true}]}}